{"id":1668,"date":"2025-06-09T10:45:48","date_gmt":"2025-06-09T08:45:48","guid":{"rendered":"https:\/\/wellco.cat\/servicios\/tratamientos-faciales\/"},"modified":"2025-10-23T09:11:46","modified_gmt":"2025-10-23T07:11:46","slug":"tratamientos-faciales","status":"publish","type":"page","link":"https:\/\/wellco.cat\/es\/servicios\/tratamientos-faciales\/","title":{"rendered":"Tratamientos faciales"},"content":{"rendered":"<p>[et_pb_section fb_built=&#8221;1&#8243; fullwidth=&#8221;on&#8221; _builder_version=&#8221;4.27.4&#8243; _module_preset=&#8221;default&#8221; global_colors_info=&#8221;{}&#8221;][et_pb_fullwidth_header title=&#8221;Tratamientos faciales&#8221; _builder_version=&#8221;4.27.4&#8243; _module_preset=&#8221;default&#8221; global_colors_info=&#8221;{}&#8221;]<\/p>\n<h2>Cuidado facial personalizado con rigor y sensibilidad<\/h2>\n<p>Los tratamientos faciales de WellCo est\u00e1n pensados para cuidar la piel con rigor y sensibilidad. A partir de un diagn\u00f3stico previo, trabajamos con cosm\u00e9tica de alta gama, tecnolog\u00eda avanzada y t\u00e9cnicas manuales espec\u00edficas para tratar manchas, acn\u00e9, sensibilidad, deshidrataci\u00f3n o signos de envejecimiento.<\/p>\n<p>&nbsp;<\/p>\n<p>Cada propuesta es \u00fanica, adaptada al momento y necesidades reales de tu piel.<\/p>\n<p>[\/et_pb_fullwidth_header][\/et_pb_section][et_pb_section fb_built=&#8221;1&#8243; admin_label=&#8221;Section&#8221; module_id=&#8221;facials&#8221; _builder_version=&#8221;4.27.4&#8243; _module_preset=&#8221;default&#8221; background_color=&#8221;#FFFFFF&#8221; global_colors_info=&#8221;{}&#8221;][et_pb_row _builder_version=&#8221;4.27.4&#8243; _module_preset=&#8221;default&#8221; custom_padding=&#8221;||0px|||&#8221; global_colors_info=&#8221;{}&#8221;][et_pb_column type=&#8221;4_4&#8243; _builder_version=&#8221;4.27.4&#8243; _module_preset=&#8221;default&#8221; global_colors_info=&#8221;{}&#8221;][et_pb_text _builder_version=&#8221;4.27.4&#8243; _module_preset=&#8221;default&#8221; global_colors_info=&#8221;{}&#8221;]<\/p>\n<h2>Los imprescindibles<\/h2>\n<p>[\/et_pb_text][\/et_pb_column][\/et_pb_row][et_pb_row column_structure=&#8221;1_3,1_3,1_3&#8243; use_custom_gutter=&#8221;on&#8221; gutter_width=&#8221;2&#8243; _builder_version=&#8221;4.27.4&#8243; _module_preset=&#8221;default&#8221; custom_padding=&#8221;10px||||false|false&#8221; global_colors_info=&#8221;{}&#8221;][et_pb_column type=&#8221;1_3&#8243; _builder_version=&#8221;4.27.4&#8243; _module_preset=&#8221;default&#8221; global_colors_info=&#8221;{}&#8221;][et_pb_cta button_url=&#8221;https:\/\/wellco.simplybook.it\/v2\/#book\/service\/2&#8243; url_new_window=&#8221;on&#8221; button_text=&#8221;Reserva&#8221; _builder_version=&#8221;4.27.4&#8243; _module_preset=&#8221;2942cdd3-5088-4512-8370-18bda2ee9bd9&#8243; background_image=&#8221;https:\/\/wellco.cat\/wp-content\/uploads\/2025\/05\/bewell-dermabalance-facial.jpg&#8221; global_colors_info=&#8221;{}&#8221;]<\/p>\n<p><strong>BeWell DermaBalance Facial<br \/><\/strong>60 min &#8211; 75\u20ac<\/p>\n<p>[\/et_pb_cta][et_pb_text _builder_version=&#8221;4.27.4&#8243; _module_preset=&#8221;default&#8221; global_colors_info=&#8221;{}&#8221;]<\/p>\n<p>Tratamiento revitalizante que une cosm\u00e9tica alemana y digitopresi\u00f3n para equilibrar y fortalecer la piel desde la primera sesi\u00f3n.<\/p>\n<p>[\/et_pb_text][\/et_pb_column][et_pb_column type=&#8221;1_3&#8243; _builder_version=&#8221;4.27.4&#8243; _module_preset=&#8221;default&#8221; global_colors_info=&#8221;{}&#8221;][et_pb_cta button_url=&#8221;https:\/\/wellco.simplybook.it\/v2\/#book\/category\/1\/service\/37\/count\/1\/&#8221; url_new_window=&#8221;on&#8221; button_text=&#8221;Reserva&#8221; _builder_version=&#8221;4.27.4&#8243; _module_preset=&#8221;2942cdd3-5088-4512-8370-18bda2ee9bd9&#8243; background_image=&#8221;https:\/\/wellco.cat\/wp-content\/uploads\/2025\/07\/vossman-facial.jpg&#8221; global_colors_info=&#8221;{}&#8221;]<\/p>\n<p><strong>Vossman\u00ae Facial Lift<br \/><\/strong>60 min &#8211; 85\u20ac<\/p>\n<p>[\/et_pb_cta][et_pb_text _builder_version=&#8221;4.27.4&#8243; _module_preset=&#8221;default&#8221; global_colors_info=&#8221;{}&#8221;]Protocolo premium que combina diatermia de alta potencia Vossman con cosm\u00e9tica avanzada para redefinir, iluminar y reafirmar el \u00f3valo facial.[\/et_pb_text][\/et_pb_column][et_pb_column type=&#8221;1_3&#8243; _builder_version=&#8221;4.27.4&#8243; _module_preset=&#8221;default&#8221; global_colors_info=&#8221;{}&#8221;][et_pb_cta button_url=&#8221;https:\/\/wellco.simplybook.it\/v2\/#book\/service\/38&#8243; url_new_window=&#8221;on&#8221; button_text=&#8221;Reserva&#8221; _builder_version=&#8221;4.27.4&#8243; _module_preset=&#8221;2942cdd3-5088-4512-8370-18bda2ee9bd9&#8243; background_image=&#8221;https:\/\/wellco.cat\/wp-content\/uploads\/2025\/07\/exosomes.jpg&#8221; global_colors_info=&#8221;{}&#8221;]<\/p>\n<p><strong>Polinucle\u00f2tids + Exosomas<br \/><\/strong>60 min &#8211; 110\u20ac<\/p>\n<p>[\/et_pb_cta][et_pb_text _builder_version=&#8221;4.27.4&#8243; _module_preset=&#8221;default&#8221; global_colors_info=&#8221;{}&#8221;]Microneedling con PDRN, exosomas y \u00e1cido hialur\u00f3nico para regenerar, reafirmar y tensar visiblemente la piel.[\/et_pb_text][\/et_pb_column][\/et_pb_row][et_pb_row column_structure=&#8221;2_3,1_3&#8243; _builder_version=&#8221;4.27.4&#8243; _module_preset=&#8221;default&#8221; custom_padding=&#8221;||||false|false&#8221; global_colors_info=&#8221;{}&#8221;][et_pb_column type=&#8221;2_3&#8243; _builder_version=&#8221;4.27.4&#8243; _module_preset=&#8221;default&#8221; global_colors_info=&#8221;{}&#8221;][et_pb_text _builder_version=&#8221;4.27.4&#8243; _module_preset=&#8221;default&#8221; custom_margin=&#8221;||0px||false|false&#8221; custom_padding=&#8221;||||false|false&#8221; global_colors_info=&#8221;{}&#8221;]<\/p>\n<h2>Higiene facial y alteraciones cut\u00e1neas<\/h2>\n<p>[\/et_pb_text][dipi_table_maker _builder_version=&#8221;4.27.4&#8243; _module_preset=&#8221;default&#8221; table_title_font=&#8221;&#8211;et_global_heading_font|||on|||||&#8221; hover_enabled=&#8221;0&#8243; global_colors_info=&#8221;{}&#8221; sticky_enabled=&#8221;0&#8243;][dipi_table_maker_child _builder_version=&#8221;4.27.4&#8243; _module_preset=&#8221;default&#8221; global_colors_info=&#8221;{}&#8221;]<\/p>\n<p>Higiene Homeop\u00e1tica Profunda<\/p>\n<p>[\/dipi_table_maker_child][dipi_table_maker_child _builder_version=&#8221;4.27.4&#8243; _module_preset=&#8221;default&#8221; global_colors_info=&#8221;{}&#8221;]<\/p>\n<p>60 min<\/p>\n<p>[\/dipi_table_maker_child][dipi_table_maker_child _builder_version=&#8221;4.27.4&#8243; _module_preset=&#8221;default&#8221; global_colors_info=&#8221;{}&#8221;]<\/p>\n<p>65 \u20ac<\/p>\n<p>[\/dipi_table_maker_child][dipi_table_maker_child _builder_version=&#8221;4.27.4&#8243; _module_preset=&#8221;d7c4b67e-2c30-4dbd-9a09-55c50a6766d4&#8243; link_option_url=&#8221;https:\/\/wellco.simplybook.it\/v2\/#book\/service\/5&#8243; link_option_url_new_window=&#8221;on&#8221; global_colors_info=&#8221;{}&#8221;]<\/p>\n<p>Reserva<\/p>\n<p>[\/dipi_table_maker_child][dipi_table_maker_child _builder_version=&#8221;4.27.4&#8243; _module_preset=&#8221;0410f303-ae78-4db3-a6e5-465e808ad18c&#8221; link_option_url=&#8221;https:\/\/wellco.simplybook.it\/v2\/#book\/service\/39&#8243; link_option_url_new_window=&#8221;on&#8221; global_colors_info=&#8221;{}&#8221;]Higiene personalizada con acci\u00f3n enzim\u00e1tica termoactiva. Abre y limpia poros con calor y frescura bot\u00e1nica para equilibrar la piel.[\/dipi_table_maker_child][dipi_table_maker_child _builder_version=&#8221;4.27.4&#8243; _module_preset=&#8221;default&#8221; global_colors_info=&#8221;{}&#8221;]Reequilibrio Homeop\u00e1tico[\/dipi_table_maker_child][dipi_table_maker_child _builder_version=&#8221;4.27.4&#8243; _module_preset=&#8221;default&#8221; global_colors_info=&#8221;{}&#8221;]60 min[\/dipi_table_maker_child][dipi_table_maker_child _builder_version=&#8221;4.27.4&#8243; _module_preset=&#8221;default&#8221; global_colors_info=&#8221;{}&#8221;]75 \u20ac[\/dipi_table_maker_child][dipi_table_maker_child _builder_version=&#8221;4.27.4&#8243; _module_preset=&#8221;d7c4b67e-2c30-4dbd-9a09-55c50a6766d4&#8243; link_option_url=&#8221;https:\/\/wellco.simplybook.it\/v2\/#book\/service\/7&#8243; link_option_url_new_window=&#8221;on&#8221; global_colors_info=&#8221;{}&#8221;]<\/p>\n<p>Reserva<\/p>\n<p>[\/dipi_table_maker_child][dipi_table_maker_child _builder_version=&#8221;4.27.4&#8243; _module_preset=&#8221;0410f303-ae78-4db3-a6e5-465e808ad18c&#8221; link_option_url=&#8221;https:\/\/wellco.simplybook.it\/v2\/#book\/service\/39&#8243; link_option_url_new_window=&#8221;on&#8221; global_colors_info=&#8221;{}&#8221;]Tratamiento bioactivo para ros\u00e1cea, dermatitis, cuperosis, acn\u00e9 y otras alteraciones cut\u00e1neas. Repara y refuerza la barrera cut\u00e1nea con resultados visibles.[\/dipi_table_maker_child][\/dipi_table_maker][\/et_pb_column][et_pb_column type=&#8221;1_3&#8243; _builder_version=&#8221;4.27.4&#8243; _module_preset=&#8221;default&#8221; global_colors_info=&#8221;{}&#8221;][\/et_pb_column][\/et_pb_row][et_pb_row column_structure=&#8221;2_3,1_3&#8243; _builder_version=&#8221;4.27.4&#8243; _module_preset=&#8221;default&#8221; custom_padding=&#8221;||||false|false&#8221; global_colors_info=&#8221;{}&#8221;][et_pb_column type=&#8221;2_3&#8243; _builder_version=&#8221;4.27.4&#8243; _module_preset=&#8221;default&#8221; global_colors_info=&#8221;{}&#8221;][et_pb_text _builder_version=&#8221;4.27.4&#8243; _module_preset=&#8221;default&#8221; custom_margin=&#8221;||0px||false|false&#8221; global_colors_info=&#8221;{}&#8221;]<\/p>\n<h2>Manchas y luminosidad<\/h2>\n<p>[\/et_pb_text][dipi_table_maker _builder_version=&#8221;4.27.4&#8243; _module_preset=&#8221;default&#8221; table_title_font=&#8221;&#8211;et_global_heading_font|||on|||||&#8221; global_colors_info=&#8221;{}&#8221;][dipi_table_maker_child _builder_version=&#8221;4.27.4&#8243; _module_preset=&#8221;default&#8221; global_colors_info=&#8221;{}&#8221;]Flash Retinol + Vitamin C[\/dipi_table_maker_child][dipi_table_maker_child _builder_version=&#8221;4.27.4&#8243; _module_preset=&#8221;default&#8221; global_colors_info=&#8221;{}&#8221;]60 min[\/dipi_table_maker_child][dipi_table_maker_child _builder_version=&#8221;4.27.4&#8243; _module_preset=&#8221;default&#8221; global_colors_info=&#8221;{}&#8221;]80 \u20ac[\/dipi_table_maker_child][dipi_table_maker_child _builder_version=&#8221;4.27.4&#8243; _module_preset=&#8221;d7c4b67e-2c30-4dbd-9a09-55c50a6766d4&#8243; link_option_url=&#8221;https:\/\/wellco.simplybook.it\/v2\/#book\/service\/11&#8243; link_option_url_new_window=&#8221;on&#8221; global_colors_info=&#8221;{}&#8221;]<\/p>\n<p>Reserva<\/p>\n<p>[\/dipi_table_maker_child][dipi_table_maker_child _builder_version=&#8221;4.27.4&#8243; _module_preset=&#8221;0410f303-ae78-4db3-a6e5-465e808ad18c&#8221; link_option_url=&#8221;https:\/\/wellco.simplybook.it\/v2\/#book\/service\/11&#8243; link_option_url_new_window=&#8221;on&#8221; global_colors_info=&#8221;{}&#8221;]Un protocolo avanzado para una profunda renovaci\u00f3n y una piel visiblemente m\u00e1s luminosa y uniforme. Combina Retinol, Vitamina C, AHA\/BHA y Niacinamida, se adapta la concentraci\u00f3n de activos en cada piel.[\/dipi_table_maker_child][dipi_table_maker_child _builder_version=&#8221;4.27.4&#8243; _module_preset=&#8221;default&#8221; global_colors_info=&#8221;{}&#8221;]Microneedling MesoCocktail[\/dipi_table_maker_child][dipi_table_maker_child _builder_version=&#8221;4.27.4&#8243; _module_preset=&#8221;default&#8221; global_colors_info=&#8221;{}&#8221;]<\/p>\n<p>60 min<\/p>\n<p>[\/dipi_table_maker_child][dipi_table_maker_child _builder_version=&#8221;4.27.4&#8243; _module_preset=&#8221;default&#8221; global_colors_info=&#8221;{}&#8221;]95 \u20ac[\/dipi_table_maker_child][dipi_table_maker_child _builder_version=&#8221;4.27.4&#8243; _module_preset=&#8221;d7c4b67e-2c30-4dbd-9a09-55c50a6766d4&#8243; link_option_url=&#8221;https:\/\/wellco.simplybook.it\/v2\/#book\/service\/13&#8243; link_option_url_new_window=&#8221;on&#8221; global_colors_info=&#8221;{}&#8221;]<\/p>\n<p>Reserva<\/p>\n<p>[\/dipi_table_maker_child][dipi_table_maker_child _builder_version=&#8221;4.27.4&#8243; _module_preset=&#8221;0410f303-ae78-4db3-a6e5-465e808ad18c&#8221; link_option_url=&#8221;https:\/\/wellco.simplybook.it\/v2\/#book\/service\/11&#8243; link_option_url_new_window=&#8221;on&#8221; global_colors_info=&#8221;{}&#8221;]<\/p>\n<p>Combina la tecnolog\u00eda avanzada del microneedling\/electroporaci\u00f3n con un c\u00f3ctel personalizado de activos biotecnol\u00f3gicos. Un tratamiento adaptado a cada tipo de piel y alteraci\u00f3n.<\/p>\n<p>[\/dipi_table_maker_child][dipi_table_maker_child _builder_version=&#8221;4.27.4&#8243; _module_preset=&#8221;default&#8221; global_colors_info=&#8221;{}&#8221;]Luminance Pearl[\/dipi_table_maker_child][dipi_table_maker_child _builder_version=&#8221;4.27.4&#8243; _module_preset=&#8221;default&#8221; global_colors_info=&#8221;{}&#8221;]<\/p>\n<p>60 min<\/p>\n<p>[\/dipi_table_maker_child][dipi_table_maker_child _builder_version=&#8221;4.27.4&#8243; _module_preset=&#8221;default&#8221; global_colors_info=&#8221;{}&#8221;]<\/p>\n<p>65 \u20ac<\/p>\n<p>[\/dipi_table_maker_child][dipi_table_maker_child _builder_version=&#8221;4.27.4&#8243; _module_preset=&#8221;d7c4b67e-2c30-4dbd-9a09-55c50a6766d4&#8243; link_option_url=&#8221;https:\/\/wellco.simplybook.it\/v2\/#book\/service\/16&#8243; link_option_url_new_window=&#8221;on&#8221; global_colors_info=&#8221;{}&#8221;]<\/p>\n<p>Reserva<\/p>\n<p>[\/dipi_table_maker_child][dipi_table_maker_child _builder_version=&#8221;4.27.4&#8243; _module_preset=&#8221;0410f303-ae78-4db3-a6e5-465e808ad18c&#8221; link_option_url=&#8221;https:\/\/wellco.simplybook.it\/v2\/#book\/service\/11&#8243; link_option_url_new_window=&#8221;on&#8221; global_colors_info=&#8221;{}&#8221;]<\/p>\n<p>Reduce manchas y marcas mejorando la luminosidad. Con Retinol, \u00c1cido K\u00f3jic, Niacinamida y perlas iluminadoras que favorecen la regeneraci\u00f3n celular.<\/p>\n<p>[\/dipi_table_maker_child][\/dipi_table_maker][\/et_pb_column][et_pb_column type=&#8221;1_3&#8243; _builder_version=&#8221;4.27.4&#8243; _module_preset=&#8221;default&#8221; global_colors_info=&#8221;{}&#8221;][\/et_pb_column][\/et_pb_row][et_pb_row column_structure=&#8221;2_3,1_3&#8243; _builder_version=&#8221;4.27.4&#8243; _module_preset=&#8221;default&#8221; custom_padding=&#8221;||||false|false&#8221; global_colors_info=&#8221;{}&#8221;][et_pb_column type=&#8221;2_3&#8243; _builder_version=&#8221;4.27.4&#8243; _module_preset=&#8221;default&#8221; global_colors_info=&#8221;{}&#8221;][et_pb_text _builder_version=&#8221;4.27.4&#8243; _module_preset=&#8221;default&#8221; custom_margin=&#8221;||0px||false|false&#8221; global_colors_info=&#8221;{}&#8221;]<\/p>\n<h2>Pre-Aging &amp; Pro-Aging Advanced<\/h2>\n<p>[\/et_pb_text][dipi_table_maker _builder_version=&#8221;4.27.4&#8243; _module_preset=&#8221;default&#8221; table_title_font=&#8221;&#8211;et_global_heading_font|||on|||||&#8221; global_colors_info=&#8221;{}&#8221;][dipi_table_maker_child _builder_version=&#8221;4.27.4&#8243; _module_preset=&#8221;default&#8221; global_colors_info=&#8221;{}&#8221;]Hyaluronic\u00b3 Multimolecular[\/dipi_table_maker_child][dipi_table_maker_child _builder_version=&#8221;4.27.4&#8243; _module_preset=&#8221;default&#8221; global_colors_info=&#8221;{}&#8221;]60 min[\/dipi_table_maker_child][dipi_table_maker_child _builder_version=&#8221;4.27.4&#8243; _module_preset=&#8221;default&#8221; global_colors_info=&#8221;{}&#8221;]75 \u20ac[\/dipi_table_maker_child][dipi_table_maker_child _builder_version=&#8221;4.27.4&#8243; _module_preset=&#8221;d7c4b67e-2c30-4dbd-9a09-55c50a6766d4&#8243; link_option_url=&#8221;https:\/\/wellco.simplybook.it\/v2\/#book\/service\/21&#8243; global_colors_info=&#8221;{}&#8221;]<\/p>\n<p>Reserva<\/p>\n<p>[\/dipi_table_maker_child][dipi_table_maker_child _builder_version=&#8221;4.27.4&#8243; _module_preset=&#8221;0410f303-ae78-4db3-a6e5-465e808ad18c&#8221; link_option_url=&#8221;https:\/\/wellco.simplybook.it\/v2\/#book\/service\/21&#8243; global_colors_info=&#8221;{}&#8221;]<\/p>\n<p>Tres tipos de \u00e1cido hialur\u00f3nico para hidrataci\u00f3n en capas, con oligop\u00e9ptidos y antioxidantes. Reafirma y mejora la elasticidad.<\/p>\n<p>[\/dipi_table_maker_child][dipi_table_maker_child _builder_version=&#8221;4.27.4&#8243; _module_preset=&#8221;default&#8221; global_colors_info=&#8221;{}&#8221;]Cellular Revitalizing + Exosomas[\/dipi_table_maker_child][dipi_table_maker_child _builder_version=&#8221;4.27.4&#8243; _module_preset=&#8221;default&#8221; global_colors_info=&#8221;{}&#8221;]<\/p>\n<p>60 min<\/p>\n<p>[\/dipi_table_maker_child][dipi_table_maker_child _builder_version=&#8221;4.27.4&#8243; _module_preset=&#8221;default&#8221; global_colors_info=&#8221;{}&#8221;]90 \u20ac[\/dipi_table_maker_child][dipi_table_maker_child _builder_version=&#8221;4.27.4&#8243; _module_preset=&#8221;d7c4b67e-2c30-4dbd-9a09-55c50a6766d4&#8243; link_option_url=&#8221;https:\/\/wellco.simplybook.it\/v2\/#book\/service\/22&#8243; global_colors_info=&#8221;{}&#8221;]<\/p>\n<p>Reserva<\/p>\n<p>[\/dipi_table_maker_child][dipi_table_maker_child _builder_version=&#8221;4.27.4&#8243; _module_preset=&#8221;0410f303-ae78-4db3-a6e5-465e808ad18c&#8221; link_option_url=&#8221;https:\/\/wellco.simplybook.it\/v2\/#book\/service\/21&#8243; global_colors_info=&#8221;{}&#8221;]<\/p>\n<p>Exosomas vegetales y activos de alta tecnolog\u00eda que activan los fibroblastos para producir col\u00e1geno y elastina, mejorando la firmeza, la elasticidad y la textura general del rostro.<\/p>\n<p>[\/dipi_table_maker_child][dipi_table_maker_child _builder_version=&#8221;4.27.4&#8243; _module_preset=&#8221;default&#8221; global_colors_info=&#8221;{}&#8221;]Golden Line + RF LED 360\u00ba[\/dipi_table_maker_child][dipi_table_maker_child _builder_version=&#8221;4.27.4&#8243; _module_preset=&#8221;default&#8221; global_colors_info=&#8221;{}&#8221;]<\/p>\n<p>60 min<\/p>\n<p>[\/dipi_table_maker_child][dipi_table_maker_child _builder_version=&#8221;4.27.4&#8243; _module_preset=&#8221;default&#8221; global_colors_info=&#8221;{}&#8221;]85 \u20ac[\/dipi_table_maker_child][dipi_table_maker_child _builder_version=&#8221;4.27.4&#8243; _module_preset=&#8221;d7c4b67e-2c30-4dbd-9a09-55c50a6766d4&#8243; link_option_url=&#8221;https:\/\/wellco.simplybook.it\/v2\/#book\/service\/23&#8243; global_colors_info=&#8221;{}&#8221;]<\/p>\n<p>Reserva<\/p>\n<p>[\/dipi_table_maker_child][dipi_table_maker_child _builder_version=&#8221;4.27.4&#8243; _module_preset=&#8221;0410f303-ae78-4db3-a6e5-465e808ad18c&#8221; link_option_url=&#8221;https:\/\/wellco.simplybook.it\/v2\/#book\/service\/21&#8243; global_colors_info=&#8221;{}&#8221;]<\/p>\n<p>Para pieles maduras: oro, col\u00e1geno marino, oligop\u00e9ptidos y t\u00e9 negro fermentado para reafirmar, reducir arrugas y combatir el estr\u00e9s oxidativo.<\/p>\n<p>[\/dipi_table_maker_child][\/dipi_table_maker][\/et_pb_column][et_pb_column type=&#8221;1_3&#8243; _builder_version=&#8221;4.27.4&#8243; _module_preset=&#8221;default&#8221; global_colors_info=&#8221;{}&#8221;][\/et_pb_column][\/et_pb_row][et_pb_row _builder_version=&#8221;4.27.4&#8243; _module_preset=&#8221;default&#8221; transform_translate_linked=&#8221;off&#8221; positioning=&#8221;absolute&#8221; position_origin_a=&#8221;bottom_right&#8221; width=&#8221;100%&#8221; max_width=&#8221;600px&#8221; overflow-x=&#8221;hidden&#8221; overflow-y=&#8221;hidden&#8221; custom_padding=&#8221;0px||0px||false|false&#8221; animation_style=&#8221;fade&#8221; locked=&#8221;off&#8221; global_colors_info=&#8221;{}&#8221;][et_pb_column type=&#8221;4_4&#8243; admin_label=&#8221;Column&#8221; _builder_version=&#8221;4.27.4&#8243; _module_preset=&#8221;default&#8221; global_colors_info=&#8221;{}&#8221;][et_pb_image src=&#8221;https:\/\/wellco.cat\/wp-content\/uploads\/2025\/04\/W-f1f1ef.svg&#8221; title_text=&#8221;W &#8211; f1f1ef&#8221; disabled_on=&#8221;on|on|off&#8221; _builder_version=&#8221;4.27.4&#8243; _module_preset=&#8221;default&#8221; transform_translate=&#8221;100px|5px&#8221; transform_translate_linked=&#8221;off&#8221; global_colors_info=&#8221;{}&#8221;][\/et_pb_image][\/et_pb_column][\/et_pb_row][\/et_pb_section]<\/p>\n","protected":false},"excerpt":{"rendered":"<p>Cuidado facial personalizado con rigor y sensibilidad Los tratamientos faciales de WellCo est\u00e1n pensados para cuidar la piel con rigor y sensibilidad. A partir de un diagn\u00f3stico previo, trabajamos con cosm\u00e9tica de alta gama, tecnolog\u00eda avanzada y t\u00e9cnicas manuales espec\u00edficas para tratar manchas, acn\u00e9, sensibilidad, deshidrataci\u00f3n o signos de envejecimiento. &nbsp; Cada propuesta es \u00fanica, [&hellip;]<\/p>\n","protected":false},"author":1,"featured_media":0,"parent":1650,"menu_order":0,"comment_status":"closed","ping_status":"closed","template":"","meta":{"_et_pb_use_builder":"on","_et_pb_old_content":"","_et_gb_content_width":"","footnotes":""},"class_list":["post-1668","page","type-page","status-publish","hentry"],"_links":{"self":[{"href":"https:\/\/wellco.cat\/es\/wp-json\/wp\/v2\/pages\/1668","targetHints":{"allow":["GET"]}}],"collection":[{"href":"https:\/\/wellco.cat\/es\/wp-json\/wp\/v2\/pages"}],"about":[{"href":"https:\/\/wellco.cat\/es\/wp-json\/wp\/v2\/types\/page"}],"author":[{"embeddable":true,"href":"https:\/\/wellco.cat\/es\/wp-json\/wp\/v2\/users\/1"}],"replies":[{"embeddable":true,"href":"https:\/\/wellco.cat\/es\/wp-json\/wp\/v2\/comments?post=1668"}],"version-history":[{"count":13,"href":"https:\/\/wellco.cat\/es\/wp-json\/wp\/v2\/pages\/1668\/revisions"}],"predecessor-version":[{"id":1925,"href":"https:\/\/wellco.cat\/es\/wp-json\/wp\/v2\/pages\/1668\/revisions\/1925"}],"up":[{"embeddable":true,"href":"https:\/\/wellco.cat\/es\/wp-json\/wp\/v2\/pages\/1650"}],"wp:attachment":[{"href":"https:\/\/wellco.cat\/es\/wp-json\/wp\/v2\/media?parent=1668"}],"curies":[{"name":"wp","href":"https:\/\/api.w.org\/{rel}","templated":true}]}}